{"id":26004,"date":"2024-02-14T13:23:29","date_gmt":"2024-02-14T11:23:29","guid":{"rendered":"https:\/\/www.vempele.fi\/?post_type=product&#038;p=26004"},"modified":"2026-04-29T11:10:46","modified_gmt":"2026-04-29T08:10:46","slug":"beskyttelse-af-kameraet","status":"publish","type":"product","link":"https:\/\/www.vempele.fi\/da\/tuote\/kameran-suoja\/","title":{"rendered":"Beskyttelse af kameraet"},"content":{"rendered":"<p>Lille og diskret kamerabeskyttelse. Dette er et godt produkt, hvis du vil bevare dit privatliv, n\u00e5r du f.eks. k\u00f8rer bil eller bruger en b\u00e6rbar computer.<br \/>\nN\u00e5r bilen er udstyret med Teslas kamera i bilen, registrerer den ikke l\u00e6ngere, n\u00e5r du fjerner blikket fra vejen. Der er ingen fejlmeddelelse, n\u00e5r kameraet er tild\u00e6kket, og i hvert fald indtil videre p\u00e5virker det ikke driften eller brugen af autopiloten.<\/p>\n<p>Produktet monteres oven p\u00e5 kameraet med dobbeltkl\u00e6bende tape, s\u00e5 kameraet er synligt, n\u00e5r lukkeren er \u00e5ben. Det giver dig mulighed for at t\u00e6nde og slukke kameraet, som du vil, ved at skubbe klappen p\u00e5 produktet fra side til side.<\/p>\n<ul>\n<li>Farve: Sort<\/li>\n<li>Materiale: ABS<\/li>\n<li>Egnethed:\n<ul>\n<li>Teslas indend\u00f8rs kamera<\/li>\n<li>For eksempel b\u00e6rbare computere og andre webkameraer.<\/li>\n<\/ul>\n<\/li>\n<li>St\u00f8rrelse: 27 x 11 mm<\/li>\n<\/ul>","protected":false},"excerpt":{"rendered":"<p>S\u00e6tter du pris p\u00e5 privatlivets fred?<\/p>\n<p>Her er et godt kamerad\u00e6ksel til at d\u00e6kke det interne kamera enten helt eller midlertidigt.<\/p>\n<p>Dette cover kan ikke kun bruges til bilen, men ogs\u00e5 til at d\u00e6kke en b\u00e6rbar computer eller et andet kamera.<\/p>\n<p>Nem montering med den medf\u00f8lgende dobbeltsidede tape!<\/p>","protected":false},"featured_media":26009,"comment_status":"open","ping_status":"closed","template":"","meta":[],"product_brand":[],"product_cat":[151,152,153,154,452,453,454,455,480,485,487,482,128],"product_tag":[83,125,579,156,172,173,271,411,121],"class_list":{"0":"post-26004","1":"product","2":"type-product","3":"status-publish","4":"has-post-thumbnail","6":"product_cat-model-3","7":"product_cat-model-s","8":"product_cat-model-x","9":"product_cat-model-y","10":"product_cat-m3-tarvikkeet","11":"product_cat-ms-tarvikkeet","12":"product_cat-mx-tarvikkeet","13":"product_cat-my-tarvikkeet","14":"product_cat-tarvikkeet-sisapuolelle-model-3","15":"product_cat-tarvikkeet-sisapuolelle-model-s","16":"product_cat-tarvikkeet-sisapuolelle-model-x","17":"product_cat-tarvikkeet-sisapuolelle-model-y","18":"product_cat-tesla-tuotteet","19":"product_tag-autotarvikkeet","20":"product_tag-kamera","21":"product_tag-luukku","22":"product_tag-model-3","23":"product_tag-model-s","24":"product_tag-model-x","25":"product_tag-model-y","26":"product_tag-suoja","27":"product_tag-tesla","29":"first","30":"instock","31":"taxable","32":"shipping-taxable","33":"purchasable","34":"product-type-simple"},"jetpack_sharing_enabled":true,"_links":{"self":[{"href":"https:\/\/www.vempele.fi\/da\/wp-json\/wp\/v2\/product\/26004","targetHints":{"allow":["GET"]}}],"collection":[{"href":"https:\/\/www.vempele.fi\/da\/wp-json\/wp\/v2\/product"}],"about":[{"href":"https:\/\/www.vempele.fi\/da\/wp-json\/wp\/v2\/types\/product"}],"replies":[{"embeddable":true,"href":"https:\/\/www.vempele.fi\/da\/wp-json\/wp\/v2\/comments?post=26004"}],"wp:featuredmedia":[{"embeddable":true,"href":"https:\/\/www.vempele.fi\/da\/wp-json\/wp\/v2\/media\/26009"}],"wp:attachment":[{"href":"https:\/\/www.vempele.fi\/da\/wp-json\/wp\/v2\/media?parent=26004"}],"wp:term":[{"taxonomy":"product_brand","embeddable":true,"href":"https:\/\/www.vempele.fi\/da\/wp-json\/wp\/v2\/product_brand?post=26004"},{"taxonomy":"product_cat","embeddable":true,"href":"https:\/\/www.vempele.fi\/da\/wp-json\/wp\/v2\/product_cat?post=26004"},{"taxonomy":"product_tag","embeddable":true,"href":"https:\/\/www.vempele.fi\/da\/wp-json\/wp\/v2\/product_tag?post=26004"}],"curies":[{"name":"wp","href":"https:\/\/api.w.org\/{rel}","templated":true}]}}