{"id":26004,"date":"2024-02-14T13:23:29","date_gmt":"2024-02-14T11:23:29","guid":{"rendered":"https:\/\/www.vempele.fi\/?post_type=product&#038;p=26004"},"modified":"2026-04-29T11:10:46","modified_gmt":"2026-04-29T08:10:46","slug":"kamerabeskyttelse","status":"publish","type":"product","link":"https:\/\/www.vempele.fi\/no\/tuote\/kameran-suoja\/","title":{"rendered":"Beskyttelse av kamera"},"content":{"rendered":"<p>Liten og diskret kamerabeskyttelse. Dette er et flott produkt for deg som \u00f8nsker \u00e5 bevare personvernet n\u00e5r du for eksempel kj\u00f8rer bil eller bruker en b\u00e6rbar datamaskin.<br \/>\nN\u00e5r bilen er utstyrt med Teslas kamera i bilen, gjenkjenner den ikke lenger n\u00e5r blikket ditt fjerner seg fra veien. Det kommer ingen feilmelding n\u00e5r kameraet er tildekket, og det p\u00e5virker i hvert fall forel\u00f8pig ikke driften eller bruken av autopiloten.<\/p>\n<p>Produktet er montert p\u00e5 toppen av kameraet med dobbeltsidig tape, slik at kameraet er synlig n\u00e5r lukkeren er \u00e5pen. Dette gj\u00f8r at du kan sl\u00e5 kameraet av og p\u00e5 som du \u00f8nsker ved \u00e5 skyve lukkeren p\u00e5 produktet fra side til side.<\/p>\n<ul>\n<li>Farge: Svart<\/li>\n<li>Materiale: ABS<\/li>\n<li>Egnethet:\n<ul>\n<li>Teslas innend\u00f8rskamera<\/li>\n<li>For eksempel b\u00e6rbare datamaskiner og andre webkameraer.<\/li>\n<\/ul>\n<\/li>\n<li>St\u00f8rrelse: 27 x 11 mm<\/li>\n<\/ul>","protected":false},"excerpt":{"rendered":"<p>Setter du personvern h\u00f8yt?<\/p>\n<p>Her er et flott kameradeksel som dekker det interne kameraet, enten helt eller midlertidig.<\/p>\n<p>Dette dekselet kan ikke bare brukes til bilen, men ogs\u00e5 til \u00e5 dekke en b\u00e6rbar datamaskin eller et annet kamera.<\/p>\n<p>Enkel montering med den medf\u00f8lgende dobbeltsidige teipen!<\/p>","protected":false},"featured_media":26009,"comment_status":"open","ping_status":"closed","template":"","meta":[],"product_brand":[],"product_cat":[151,152,153,154,452,453,454,455,480,485,487,482,128],"product_tag":[83,125,579,156,172,173,271,411,121],"class_list":{"0":"post-26004","1":"product","2":"type-product","3":"status-publish","4":"has-post-thumbnail","6":"product_cat-model-3","7":"product_cat-model-s","8":"product_cat-model-x","9":"product_cat-model-y","10":"product_cat-m3-tarvikkeet","11":"product_cat-ms-tarvikkeet","12":"product_cat-mx-tarvikkeet","13":"product_cat-my-tarvikkeet","14":"product_cat-tarvikkeet-sisapuolelle-model-3","15":"product_cat-tarvikkeet-sisapuolelle-model-s","16":"product_cat-tarvikkeet-sisapuolelle-model-x","17":"product_cat-tarvikkeet-sisapuolelle-model-y","18":"product_cat-tesla-tuotteet","19":"product_tag-autotarvikkeet","20":"product_tag-kamera","21":"product_tag-luukku","22":"product_tag-model-3","23":"product_tag-model-s","24":"product_tag-model-x","25":"product_tag-model-y","26":"product_tag-suoja","27":"product_tag-tesla","29":"first","30":"instock","31":"taxable","32":"shipping-taxable","33":"purchasable","34":"product-type-simple"},"jetpack_sharing_enabled":true,"_links":{"self":[{"href":"https:\/\/www.vempele.fi\/no\/wp-json\/wp\/v2\/product\/26004","targetHints":{"allow":["GET"]}}],"collection":[{"href":"https:\/\/www.vempele.fi\/no\/wp-json\/wp\/v2\/product"}],"about":[{"href":"https:\/\/www.vempele.fi\/no\/wp-json\/wp\/v2\/types\/product"}],"replies":[{"embeddable":true,"href":"https:\/\/www.vempele.fi\/no\/wp-json\/wp\/v2\/comments?post=26004"}],"wp:featuredmedia":[{"embeddable":true,"href":"https:\/\/www.vempele.fi\/no\/wp-json\/wp\/v2\/media\/26009"}],"wp:attachment":[{"href":"https:\/\/www.vempele.fi\/no\/wp-json\/wp\/v2\/media?parent=26004"}],"wp:term":[{"taxonomy":"product_brand","embeddable":true,"href":"https:\/\/www.vempele.fi\/no\/wp-json\/wp\/v2\/product_brand?post=26004"},{"taxonomy":"product_cat","embeddable":true,"href":"https:\/\/www.vempele.fi\/no\/wp-json\/wp\/v2\/product_cat?post=26004"},{"taxonomy":"product_tag","embeddable":true,"href":"https:\/\/www.vempele.fi\/no\/wp-json\/wp\/v2\/product_tag?post=26004"}],"curies":[{"name":"wp","href":"https:\/\/api.w.org\/{rel}","templated":true}]}}