{"id":7114,"date":"2021-07-20T10:32:42","date_gmt":"2021-07-20T07:32:42","guid":{"rendered":"https:\/\/www.vempele.fi\/?post_type=product&#038;p=7114"},"modified":"2026-09-03T20:08:20","modified_gmt":"2026-09-03T17:08:20","slug":"tesla-modell-3-dorrtatningar","status":"publish","type":"product","link":"https:\/\/www.vempele.fi\/sv\/tuote\/tesla-model-3-ovitiivisteet\/","title":{"rendered":"D\u00f6rrt\u00e4tningar - Tesla Model 3"},"content":{"rendered":"<p>Ovitiivisteet &#8211; Tesla Model 3.<\/p>\n<p><b>Information om produkten:<\/b><\/p>\n<ul>\n<li>Kompatibilitet:\n<ul>\n<li>Model 3 Pre-Refresh (2019 \u2013 2021) + Performance<\/li>\n<li>Model 3 Refresh (2021 \u2013 2023) + Performance<\/li>\n<li>Modell 3 Highland vm. 2024 - <strong>Huom!!<\/strong>\n<ul>Ovet sopii sellaisenaan, frunk eli etukontti, vaatii ylim\u00e4\u00e4r\u00e4isen katkaisun tiivisteeseen ja takaluukku on hieman erilainen. Joten ei sovi suoraan, mutta virittelem\u00e4ll\u00e4 ja k\u00e4ytt\u00e4m\u00e4ll\u00e4 ylim\u00e4\u00e4r\u00e4isen palan frunkista takaluukkuun, saat senkin kierretty\u00e4 kokonaan.<\/ul>\n<\/li>\n<\/ul>\n<\/li>\n<li>F\u00e4rg: Svart<\/li>\n<li>Tillverkningsland: Kina<\/li>\n<\/ul>\n<p>Paketet inneh\u00e5ller d\u00f6rrt\u00e4tningar f\u00f6r fyra d\u00f6rrar samt f\u00f6r fram- och bakd\u00f6rren!<\/p>","protected":false},"excerpt":{"rendered":"<p><strong>Nu ing\u00e5r \u00e4ven fr\u00e4mre och bakre d\u00f6rrt\u00e4tningar!<\/strong><\/p>\n<p>D\u00f6rrt\u00e4tningar f\u00f6r Tesla Model 3. T\u00e4tningarna ger viss bullerd\u00e4mpning, men deras huvudsakliga funktion \u00e4r att h\u00e5lla d\u00f6rrarna och tr\u00f6sklarna rena.<\/p>\n<p>Monteringspunkterna \u00e4r markerade p\u00e5 packningarna, vilket g\u00f6r installationen enkel.<\/p>\n<p>F\u00f6rpackad med d\u00f6rrt\u00e4tningar f\u00f6r var och en av de fyra d\u00f6rrarna, samt fram- och bakd\u00f6rrarna!<\/p>\n<p>Se <a href=\"https:\/\/www.youtube.com\/watch?v=Jvv4K57nh8I\" target=\"_blank\" rel=\"noopener\">H\u00e4r<\/a> video om installation av t\u00e4tningar!<\/p>","protected":false},"featured_media":25988,"comment_status":"open","ping_status":"closed","template":"","meta":[],"product_brand":[],"product_cat":[151,452,480,128],"product_tag":[156,121,578],"class_list":["post-7114","product","type-product","status-publish","has-post-thumbnail","product_cat-model-3","product_cat-m3-tarvikkeet","product_cat-tarvikkeet-sisapuolelle-model-3","product_cat-tesla-tuotteet","product_tag-model-3","product_tag-tesla","product_tag-tiivisteet","first","instock","taxable","shipping-taxable","purchasable","product-type-simple"],"jetpack_sharing_enabled":true,"_links":{"self":[{"href":"https:\/\/www.vempele.fi\/sv\/wp-json\/wp\/v2\/product\/7114","targetHints":{"allow":["GET"]}}],"collection":[{"href":"https:\/\/www.vempele.fi\/sv\/wp-json\/wp\/v2\/product"}],"about":[{"href":"https:\/\/www.vempele.fi\/sv\/wp-json\/wp\/v2\/types\/product"}],"replies":[{"embeddable":true,"href":"https:\/\/www.vempele.fi\/sv\/wp-json\/wp\/v2\/comments?post=7114"}],"wp:featuredmedia":[{"embeddable":true,"href":"https:\/\/www.vempele.fi\/sv\/wp-json\/wp\/v2\/media\/25988"}],"wp:attachment":[{"href":"https:\/\/www.vempele.fi\/sv\/wp-json\/wp\/v2\/media?parent=7114"}],"wp:term":[{"taxonomy":"product_brand","embeddable":true,"href":"https:\/\/www.vempele.fi\/sv\/wp-json\/wp\/v2\/product_brand?post=7114"},{"taxonomy":"product_cat","embeddable":true,"href":"https:\/\/www.vempele.fi\/sv\/wp-json\/wp\/v2\/product_cat?post=7114"},{"taxonomy":"product_tag","embeddable":true,"href":"https:\/\/www.vempele.fi\/sv\/wp-json\/wp\/v2\/product_tag?post=7114"}],"curies":[{"name":"wp","href":"https:\/\/api.w.org\/{rel}","templated":true}]}}